{"id":4607,"date":"2026-06-03T11:47:19","date_gmt":"2026-06-03T10:47:19","guid":{"rendered":"https:\/\/restauracionminas.org\/eventos\/4530\/"},"modified":"2026-06-03T11:47:19","modified_gmt":"2026-06-03T10:47:19","slug":"4530","status":"publish","type":"tribe_events","link":"https:\/\/restauracionminas.org\/en\/eventos\/4530\/","title":{"rendered":"CURSO: &#8220;RESTAURACI\u00d3N ECOL\u00d3GICA DE TERRENOS AFCETADOS POR EXPLOTACIONES MINERAS&#8221;"},"content":{"rendered":"<p>\ud83d\udfe2\u00a0\ud835\udde1\ud835\uddfc \ud835\uddf2\ud835\ude00 \ud835\ude00\ud835\uddfc\ud835\uddf9\ud835\uddfc \ud835\ude02\ud835\uddfb \ud835\uddf0\ud835\ude02\ud835\uddff\ud835\ude00\ud835\uddfc. \ud835\uddd8\ud835\ude00 \ud835\ude02\ud835\uddfb\ud835\uddee \ud835\uddfc\ud835\uddfd\ud835\uddfc\ud835\uddff\ud835\ude01\ud835\ude02\ud835\uddfb\ud835\uddf6\ud835\uddf1\ud835\uddee\ud835\uddf1 \ud835\uddfd\ud835\uddee\ud835\uddff\ud835\uddee \ud835\uddee\ud835\uddfd\ud835\uddff\ud835\uddf2\ud835\uddfb\ud835\uddf1\ud835\uddf2\ud835\uddff \ud835\uddf1\ud835\uddf2 \ud835\uddfe\ud835\ude02\ud835\uddf6\ud835\uddf2\ud835\uddfb\ud835\uddf2\ud835\ude00 \ud835\uddf2\ud835\ude00\ud835\ude01\ud835\uddee\u0301\ud835\uddfb \ud835\uddfa\ud835\uddee\ud835\uddff\ud835\uddf0\ud835\uddee\ud835\uddfb\ud835\uddf1\ud835\uddfc \ud835\uddf2\ud835\uddf9 \ud835\uddff\ud835\ude02\ud835\uddfa\ud835\uddef\ud835\uddfc \ud835\uddf1\ud835\uddf2 \ud835\uddf9\ud835\uddee \ud835\uddff\ud835\uddf2\ud835\ude00\ud835\ude01\ud835\uddee\ud835\ude02\ud835\uddff\ud835\uddee\ud835\uddf0\ud835\uddf6\ud835\uddfc\u0301\ud835\uddfb \ud835\uddfa\ud835\uddf6\ud835\uddfb\ud835\uddf2\ud835\uddff\ud835\uddee \ud835\uddf2\ud835\uddfb \ud835\uddd8\ud835\ude00\ud835\uddfd\ud835\uddee\ud835\uddfb\u0303\ud835\uddee.<\/p>\n<p>Detr\u00e1s de muchos de los proyectos, metodolog\u00edas y avances que hoy est\u00e1n transformando la restauraci\u00f3n minera en nuestro pa\u00eds hay nombres concretos. Personas que llevan<\/p>\n<p>Y tenemos la suerte de que muchas de ellas forman parte de la Red RMC.<br \/>\nPor eso, nuestro curso online \u201cRestauraci\u00f3n ecol\u00f3gica de terrenos afectados por explotaciones mineras\u201d no es una formaci\u00f3n cualquiera. Es un espacio donde se re\u00fanen algunas de las voces m\u00e1s reconocidas del sector para compartir experiencia real, criterios t\u00e9cnicos y conocimiento aplicado.<\/p>\n<p>\ud83d\udcc5 16 y 17 de junio de 2026<br \/>\n\ud83d\udcbb Online en directo<br \/>\n\ud83d\udd52 15 horas | 1,5 ECTS<\/p>\n<p>El profesorado estar\u00e1 formado por:<\/p>\n<p>\u25aa\ufe0f <a id=\"ember3844\" class=\"ember-view\" tabindex=\"0\" href=\"https:\/\/www.linkedin.com\/in\/jose-francisco-martin-duque-37454b36b\/\">JOSE FRANCISCO MARTIN DUQUE<\/a> \u2014 referente internacional en restauraci\u00f3n geomorfol\u00f3gica y creador del Grupo de Restauraci\u00f3n Geomorfol\u00f3gica de la UCM.<br \/>\n\u25aa\ufe0f <a id=\"ember3845\" class=\"ember-view\" tabindex=\"0\" href=\"https:\/\/www.linkedin.com\/in\/jos%C3%A9-manuel-nicolau-ibarra-97931238\/\">Jos\u00e9 Manuel Nicolau Ibarra<\/a> \u2014 uno de los grandes especialistas en restauraci\u00f3n ecol\u00f3gica en miner\u00eda del carb\u00f3n y ecohidrolog\u00eda aplicada.<br \/>\n\u25aa\ufe0f <a id=\"ember3846\" class=\"ember-view\" tabindex=\"0\" href=\"https:\/\/www.linkedin.com\/in\/juan-antonio-oliet-76a03229\/\">Juan Antonio Oliet<\/a> \u2014 referente en restauraci\u00f3n forestal y ecofisiolog\u00eda vegetal.<br \/>\n\u25aa\ufe0f Pedro Villar Salvador \u2014 especialista en restauraci\u00f3n ecol\u00f3gica, calidad de planta y regeneraci\u00f3n forestal.<br \/>\n\u25aa\ufe0f V\u00edctor P\u00e9rez Dom\u00ednguez \u2014 experto en biodiversidad aplicada y soluciones basadas en la naturaleza en miner\u00eda.<br \/>\n\u25aa\ufe0f <a id=\"ember3847\" class=\"ember-view\" tabindex=\"0\" href=\"https:\/\/www.linkedin.com\/in\/emilio-trigueros-a0ba0a40\/\">Emilio Trigueros<\/a> Tornero \u2014 especialista en geotecnia, estabilidad de taludes y rehabilitaci\u00f3n minera.<br \/>\n\u25aa\ufe0f <a id=\"ember3848\" class=\"ember-view\" tabindex=\"0\" href=\"https:\/\/www.linkedin.com\/in\/beatrizolmogilabert\/\">Beatriz Olmo<\/a> Gilabert \u2014 directora t\u00e9cnica de la Red RMC y especialista en restauraci\u00f3n minera e innovaci\u00f3n aplicada.<br \/>\n\u25aa\ufe0f <a id=\"ember3849\" class=\"ember-view\" tabindex=\"0\" href=\"https:\/\/www.linkedin.com\/in\/ana-isabel-aparicio-navarro-4b16b565\/\">Ana Isabel Aparicio Navarro<\/a> \u2014 t\u00e9cnica de VAERSA con amplia experiencia en proyectos de restauraci\u00f3n minera y seguimiento de actuaciones reales.<br \/>\n\u25aa\ufe0f <a id=\"ember3850\" class=\"ember-view\" tabindex=\"0\" href=\"https:\/\/www.linkedin.com\/in\/ib%C3%A1n-hurtado-pic%C3%B3-47115336\/\">Ib\u00e1n Hurtado Pic\u00f3<\/a> \u2014 especialista en topograf\u00eda aplicada y ejecuci\u00f3n de restauraciones mineras.<\/p>\n<p>Geomorfolog\u00eda, hidrolog\u00eda, biodiversidad, suelos, revegetaci\u00f3n, estabilidad de taludes, seguimiento ecol\u00f3gico, dise\u00f1o t\u00e9cnico\u2026Distintas disciplinas. Distintas trayectorias. Un mismo objetivo: avanzar hacia restauraciones m\u00e1s rigurosas, funcionales y alineadas con la naturaleza.<\/p>\n<p>Porque la restauraci\u00f3n minera necesita cada vez m\u00e1s especializaci\u00f3n. Y tambi\u00e9n m\u00e1s espacios donde \ud835\uddf2\ud835\uddf9 \ud835\uddf0\ud835\uddfc\ud835\uddfb\ud835\uddfc\ud835\uddf0\ud835\uddf6\ud835\uddfa\ud835\uddf6\ud835\uddf2\ud835\uddfb\ud835\ude01\ud835\uddfc \ud835\uddfd\ud835\ude02\ud835\uddf2\ud835\uddf1\ud835\uddee \ud835\uddf0\ud835\uddfc\ud835\uddfa\ud835\uddfd\ud835\uddee\ud835\uddff\ud835\ude01\ud835\uddf6\ud835\uddff\ud835\ude00\ud835\uddf2 \ud835\uddf1\ud835\uddf2 \ud835\uddf3\ud835\uddfc\ud835\uddff\ud835\uddfa\ud835\uddee \ud835\uddee\ud835\uddef\ud835\uddf6\ud835\uddf2\ud835\uddff\ud835\ude01\ud835\uddee, \ud835\uddfd\ud835\uddff\ud835\uddee\u0301\ud835\uddf0\ud835\ude01\ud835\uddf6\ud835\uddf0\ud835\uddee \ud835\ude06 \ud835\uddf0\ud835\uddfc\ud835\uddfb\ud835\uddf2\ud835\uddf0\ud835\ude01\ud835\uddee\ud835\uddf1\ud835\uddee \ud835\uddf0\ud835\uddfc\ud835\uddfb \ud835\uddf9\ud835\uddee \ud835\uddff\ud835\uddf2\ud835\uddee\ud835\uddf9\ud835\uddf6\ud835\uddf1\ud835\uddee\ud835\uddf1 \ud835\uddf1\ud835\uddf2\ud835\uddf9 \ud835\ude00\ud835\uddf2\ud835\uddf0\ud835\ude01\ud835\uddfc\ud835\uddff.<\/p>\n<p>\ud83d\udccc Inscripci\u00f3n abierta: <a href=\"https:\/\/www.cfp.upv.es\/formacion-permanente\/curso\/restauracion-ecologica-terrenos-afectados-explotaciones-mineras_103548.html?utm_source=chatgpt.com\">AQU\u00cd<\/a><\/p>\n<p><a href=\"https:\/\/restauracionminas.org\/wp-content\/uploads\/2026\/06\/RESTAURACIONREHABILITACION-MINERA-DESDE-LA-PERSPECTIVA-MULTIFUNCIONAL-1-1.pdf\">CONSULTAR PROGRAMA<\/a><\/p>\n","protected":false},"excerpt":{"rendered":"<p>\ud83d\udfe2\u00a0\ud835\udde1\ud835\uddfc \ud835\uddf2\ud835\ude00 \ud835\ude00\ud835\uddfc\ud835\uddf9\ud835\uddfc \ud835\ude02\ud835\uddfb \ud835\uddf0\ud835\ude02\ud835\uddff\ud835\ude00\ud835\uddfc. \ud835\uddd8\ud835\ude00 \ud835\ude02\ud835\uddfb\ud835\uddee \ud835\uddfc\ud835\uddfd\ud835\uddfc\ud835\uddff\ud835\ude01\ud835\ude02\ud835\uddfb\ud835\uddf6\ud835\uddf1\ud835\uddee\ud835\uddf1 \ud835\uddfd\ud835\uddee\ud835\uddff\ud835\uddee \ud835\uddee\ud835\uddfd\ud835\uddff\ud835\uddf2\ud835\uddfb\ud835\uddf1\ud835\uddf2\ud835\uddff \ud835\uddf1\ud835\uddf2 \ud835\uddfe\ud835\ude02\ud835\uddf6\ud835\uddf2\ud835\uddfb\ud835\uddf2\ud835\ude00 \ud835\uddf2\ud835\ude00\ud835\ude01\ud835\uddee\u0301\ud835\uddfb \ud835\uddfa\ud835\uddee\ud835\uddff\ud835\uddf0\ud835\uddee\ud835\uddfb\ud835\uddf1\ud835\uddfc \ud835\uddf2\ud835\uddf9 \ud835\uddff\ud835\ude02\ud835\uddfa\ud835\uddef\ud835\uddfc \ud835\uddf1\ud835\uddf2 \ud835\uddf9\ud835\uddee \ud835\uddff\ud835\uddf2\ud835\ude00\ud835\ude01\ud835\uddee\ud835\ude02\ud835\uddff\ud835\uddee\ud835\uddf0\ud835\uddf6\ud835\uddfc\u0301\ud835\uddfb \ud835\uddfa\ud835\uddf6\ud835\uddfb\ud835\uddf2\ud835\uddff\ud835\uddee \ud835\uddf2\ud835\uddfb \ud835\uddd8\ud835\ude00\ud835\uddfd\ud835\uddee\ud835\uddfb\u0303\ud835\uddee. Detr\u00e1s de muchos&hellip;<\/p>\n","protected":false},"author":2,"featured_media":4605,"template":"","meta":{"_price":"","_stock":"","_tribe_ticket_header":"","_tribe_default_ticket_provider":"","_tribe_ticket_capacity":"0","_ticket_start_date":"","_ticket_end_date":"","_tribe_ticket_show_description":"","_tribe_ticket_show_not_going":false,"_tribe_ticket_use_global_stock":"","_tribe_ticket_global_stock_level":"","_global_stock_mode":"","_global_stock_cap":"","_tribe_rsvp_for_event":"","_tribe_ticket_going_count":"","_tribe_ticket_not_going_count":"","_tribe_tickets_list":"[]","_tribe_ticket_has_attendee_info_fields":false,"_tribe_events_status":"","_tribe_events_status_reason":"","_tribe_events_is_hybrid":"","_tribe_events_is_virtual":"","_tribe_events_virtual_video_source":"","_tribe_events_virtual_embed_video":"","_tribe_events_virtual_linked_button_text":"","_tribe_events_virtual_linked_button":"","_tribe_events_virtual_show_embed_at":"","_tribe_events_virtual_show_embed_to":[],"_tribe_events_virtual_show_on_event":"","_tribe_events_virtual_show_on_views":"","_tribe_events_virtual_url":"","footnotes":"","_tec_slr_enabled":"","_tec_slr_layout":""},"tags":[],"tribe_events_cat":[147],"class_list":["post-4607","tribe_events","type-tribe_events","status-publish","has-post-thumbnail","hentry","tribe_events_cat-cursos-de-formacion","cat_cursos-de-formacion"],"ticketed":false,"_links":{"self":[{"href":"https:\/\/restauracionminas.org\/en\/wp-json\/wp\/v2\/tribe_events\/4607","targetHints":{"allow":["GET"]}}],"collection":[{"href":"https:\/\/restauracionminas.org\/en\/wp-json\/wp\/v2\/tribe_events"}],"about":[{"href":"https:\/\/restauracionminas.org\/en\/wp-json\/wp\/v2\/types\/tribe_events"}],"author":[{"embeddable":true,"href":"https:\/\/restauracionminas.org\/en\/wp-json\/wp\/v2\/users\/2"}],"version-history":[{"count":0,"href":"https:\/\/restauracionminas.org\/en\/wp-json\/wp\/v2\/tribe_events\/4607\/revisions"}],"wp:featuredmedia":[{"embeddable":true,"href":"https:\/\/restauracionminas.org\/en\/wp-json\/wp\/v2\/media\/4605"}],"wp:attachment":[{"href":"https:\/\/restauracionminas.org\/en\/wp-json\/wp\/v2\/media?parent=4607"}],"wp:term":[{"taxonomy":"post_tag","embeddable":true,"href":"https:\/\/restauracionminas.org\/en\/wp-json\/wp\/v2\/tags?post=4607"},{"taxonomy":"tribe_events_cat","embeddable":true,"href":"https:\/\/restauracionminas.org\/en\/wp-json\/wp\/v2\/tribe_events_cat?post=4607"}],"curies":[{"name":"wp","href":"https:\/\/api.w.org\/{rel}","templated":true}]}}